{"id":2108,"date":"2023-02-11T15:19:58","date_gmt":"2023-02-11T14:19:58","guid":{"rendered":"https:\/\/www.ident-clinic.be\/specialite\/facette-dentaire\/"},"modified":"2023-03-09T19:53:05","modified_gmt":"2023-03-09T18:53:05","slug":"facette-dentaire","status":"publish","type":"avada_portfolio","link":"https:\/\/www.ident-clinic.be\/en\/treatment\/facette-dentaire\/","title":{"rendered":"Facette dentaire"},"content":{"rendered":"<p><div class=\"fusion-fullwidth fullwidth-box fusion-builder-row-1 fusion-flex-container fusion-parallax-none hundred-percent-fullwidth non-hundred-percent-height-scrolling fusion-no-small-visibility fusion-no-medium-visibility\" style=\"--awb-background-position:left top;--awb-border-sizes-top:0px;--awb-border-sizes-bottom:0px;--awb-border-sizes-left:0px;--awb-border-sizes-right:0px;--awb-border-radius-top-left:0px;--awb-border-radius-top-right:0px;--awb-border-radius-bottom-right:0px;--awb-border-radius-bottom-left:0px;--awb-padding-top:100px;--awb-padding-right:5%;--awb-padding-bottom:70px;--awb-padding-left:5%;--awb-background-color:var(--awb-color7);--awb-background-image:url(&quot;https:\/\/www.ident-clinic.be\/wp-content\/uploads\/2023\/02\/bg_dentiste-bruxelles.jpg&quot;);--awb-background-size:cover;--awb-flex-wrap:wrap;\" ><div class=\"fusion-builder-row fusion-row fusion-flex-align-items-stretch fusion-flex-content-wrap\" style=\"width:104% !important;max-width:104% !important;margin-left: calc(-4% \/ 2 );margin-right: calc(-4% \/ 2 );\"><div class=\"fusion-layout-column fusion_builder_column fusion-builder-column-0 fusion_builder_column_1_1 1_1 fusion-flex-column\" style=\"--awb-bg-blend:overlay;--awb-bg-size:cover;--awb-width-large:100%;--awb-margin-top-large:0px;--awb-spacing-right-large:2.56%;--awb-margin-bottom-large:0px;--awb-spacing-left-large:1.92%;--awb-width-medium:100%;--awb-spacing-right-medium:1.92%;--awb-spacing-left-medium:1.92%;--awb-width-small:100%;--awb-spacing-right-small:1.92%;--awb-spacing-left-small:1.92%;\"><div class=\"fusion-column-wrapper fusion-flex-justify-content-center fusion-content-layout-column\"><div class=\"fusion-text fusion-text-1\"><h1><span style=\"color: var(--awb-color1);\">Facette dentaire<\/span><\/h1>\n<\/div><\/div><\/div><\/div><\/div><div class=\"fusion-fullwidth fullwidth-box fusion-builder-row-2 fusion-flex-container has-pattern-background has-mask-background fusion-parallax-none hundred-percent-fullwidth non-hundred-percent-height-scrolling fusion-no-large-visibility\" style=\"--awb-background-position:left top;--awb-border-sizes-top:0px;--awb-border-sizes-bottom:0px;--awb-border-sizes-left:0px;--awb-border-sizes-right:0px;--awb-border-radius-top-left:0px;--awb-border-radius-top-right:0px;--awb-border-radius-bottom-right:0px;--awb-border-radius-bottom-left:0px;--awb-padding-top:80px;--awb-padding-right:5%;--awb-padding-bottom:80px;--awb-padding-left:5%;--awb-background-color:var(--awb-color7);--awb-background-image:url(&quot;https:\/\/www.ident-clinic.be\/wp-content\/uploads\/2023\/02\/bg_dentiste-bruxelles-1024x420.jpg&quot;);--awb-background-size:cover;--awb-flex-wrap:wrap;\" ><div class=\"fusion-builder-row fusion-row fusion-flex-align-items-stretch fusion-flex-content-wrap\" style=\"width:calc( 100% + 0px ) !important;max-width:calc( 100% + 0px ) !important;margin-left: calc(-0px \/ 2 );margin-right: calc(-0px \/ 2 );\"><div class=\"fusion-layout-column fusion_builder_column fusion-builder-column-1 fusion_builder_column_1_1 1_1 fusion-flex-column\" style=\"--awb-bg-blend:overlay;--awb-bg-size:cover;--awb-width-large:100%;--awb-margin-top-large:0px;--awb-spacing-right-large:0px;--awb-margin-bottom-large:0px;--awb-spacing-left-large:0px;--awb-width-medium:100%;--awb-spacing-right-medium:0px;--awb-spacing-left-medium:0px;--awb-width-small:100%;--awb-spacing-right-small:0px;--awb-spacing-left-small:0px;\"><div class=\"fusion-column-wrapper fusion-flex-justify-content-center fusion-content-layout-column\"><div class=\"fusion-text fusion-text-2\"><h1 style=\"text-align: center;\"><span style=\"color: var(--awb-color1);\">Facette dentaire<\/span><\/h1>\n<\/div><\/div><\/div><\/div><\/div><div class=\"fusion-fullwidth fullwidth-box fusion-builder-row-3 fusion-flex-container hundred-percent-fullwidth non-hundred-percent-height-scrolling\" style=\"--awb-background-position:left top;--awb-border-sizes-top:0px;--awb-border-sizes-bottom:0px;--awb-border-sizes-left:0px;--awb-border-sizes-right:0px;--awb-border-radius-top-left:0px;--awb-border-radius-top-right:0px;--awb-border-radius-bottom-right:0px;--awb-border-radius-bottom-left:0px;--awb-padding-top:0px;--awb-padding-right:0px;--awb-padding-bottom:0px;--awb-padding-left:0px;--awb-flex-wrap:wrap;\" ><div class=\"fusion-builder-row fusion-row fusion-flex-align-items-stretch fusion-flex-content-wrap\" style=\"width:calc( 100% + 0px ) !important;max-width:calc( 100% + 0px ) !important;margin-left: calc(-0px \/ 2 );margin-right: calc(-0px \/ 2 );\"><div class=\"fusion-layout-column fusion_builder_column fusion-builder-column-2 fusion_builder_column_1_2 1_2 fusion-flex-column\" style=\"--awb-padding-top:80px;--awb-padding-right:10%;--awb-padding-bottom:70px;--awb-padding-left:10%;--awb-bg-blend:overlay;--awb-bg-size:cover;--awb-width-large:50%;--awb-margin-top-large:0px;--awb-spacing-right-large:0px;--awb-margin-bottom-large:0px;--awb-spacing-left-large:0px;--awb-width-medium:60%;--awb-spacing-right-medium:0px;--awb-spacing-left-medium:0px;--awb-width-small:100%;--awb-spacing-right-small:0px;--awb-spacing-left-small:0px;\"><div class=\"fusion-column-wrapper fusion-flex-justify-content-flex-start fusion-content-layout-column\"><div class=\"fusion-title title fusion-title-1 fusion-title-text fusion-title-size-two\" style=\"--awb-margin-top-small:0px;--awb-margin-right-small:0px;--awb-margin-bottom-small:20px;--awb-margin-left-small:0px;--awb-font-size:35px;\"><div class=\"title-sep-container title-sep-container-left fusion-no-large-visibility fusion-no-medium-visibility fusion-no-small-visibility\"><div class=\"title-sep sep- sep-solid\" style=\"border-color:var(--awb-color3);\"><\/div><\/div><span class=\"awb-title-spacer fusion-no-large-visibility fusion-no-medium-visibility fusion-no-small-visibility\"><\/span><h2 class=\"fusion-title-heading title-heading-left fusion-responsive-typography-calculated\" style=\"margin:0;font-size:1em;--fontSize:35;line-height:var(--awb-typography1-line-height);\">Indulgence for body and mind<\/h2><span class=\"awb-title-spacer\"><\/span><div class=\"title-sep-container title-sep-container-right\"><div class=\"title-sep sep- sep-solid\" style=\"border-color:var(--awb-color3);\"><\/div><\/div><\/div><div class=\"fusion-separator fusion-has-icon fusion-full-width-sep\" style=\"align-self: flex-start;margin-right:auto;margin-top:3%;margin-bottom:50px;width:100%;max-width:100%;\"><div class=\"fusion-separator-border sep-single sep-solid\" style=\"--awb-height:20px;--awb-amount:20px;border-color:var(--awb-color5);border-top-width:1px;\"><\/div><span class=\"icon-wrapper\" style=\"border-color:transparent;font-size:18px;width: 1.75em; height: 1.75em;border-width:1px;padding:1px;margin-top:-0.5px\"><i class=\"icon-spa-pagelines-brands\" style=\"font-size: inherit;color:var(--awb-color5);\" aria-hidden=\"true\"><\/i><\/span><div class=\"fusion-separator-border sep-single sep-solid\" style=\"--awb-height:20px;--awb-amount:20px;border-color:var(--awb-color5);border-top-width:1px;\"><\/div><\/div><div class=\"fusion-text fusion-text-3\"><p>Con\u00e7ue g\u00e9n\u00e9ralement avec de la c\u00e9ramique ou de la porcelaine, la facette dentaire est une coquille mince que le dentiste pose sur le devant des dents pour corriger les diverses imperfections esth\u00e9tiques. Elle s\u2019av\u00e8re donc \u00eatre une solution d\u00e9finitive aux dents abim\u00e9es, aux fortes d\u00e9colorations, aux dents mal align\u00e9es ou aux dents trop \u00e9cart\u00e9es les unes des autres. Les facettes dentaires sont bien \u00e9videmment destin\u00e9es aux dents visibles qui se trouvent sur le devant. Pour un effet naturel, un r\u00e9sultat optimal et une grande long\u00e9vit\u00e9, il importe qu\u2019elles soient r\u00e9alis\u00e9es sur mesure.<\/p>\n<p>M\u00eame si elle demeure encore peu connue, la facette dentaire est une v\u00e9ritable alternative aux proth\u00e8ses dentaires telles que les implants et les couronnes qui sont install\u00e9es sur les dents abim\u00e9es. Elle est donc la solution id\u00e9ale pour les patients qui veulent retrouver rapidement et sans aucune douleur un joli sourire. Outre le fait qu\u2019elle est rapide, la pose d\u2019une facette dentaire Bruxelles est aussi \u00e9conomique et efficace.<\/p>\n<\/div><div class=\"fusion-separator fusion-full-width-sep\" style=\"align-self: center;margin-left: auto;margin-right: auto;margin-top:10px;width:100%;\"><\/div><div class=\"fusion-separator fusion-has-icon fusion-full-width-sep\" style=\"align-self: flex-start;margin-right:auto;margin-top:3%;margin-bottom:50px;width:100%;max-width:100%;\"><div class=\"fusion-separator-border sep-single sep-solid\" style=\"--awb-height:20px;--awb-amount:20px;border-color:var(--awb-color5);border-top-width:1px;\"><\/div><span class=\"icon-wrapper\" style=\"border-color:transparent;font-size:18px;width: 1.75em; height: 1.75em;border-width:1px;padding:1px;margin-top:-0.5px\"><i class=\"icon-spa-pagelines-brands\" style=\"font-size: inherit;color:var(--awb-color5);\" aria-hidden=\"true\"><\/i><\/span><div class=\"fusion-separator-border sep-single sep-solid\" style=\"--awb-height:20px;--awb-amount:20px;border-color:var(--awb-color5);border-top-width:1px;\"><\/div><\/div><div class=\"fusion-title title fusion-title-2 fusion-title-text fusion-title-size-three\" style=\"--awb-margin-top-small:0px;--awb-margin-right-small:0px;--awb-margin-bottom-small:20px;--awb-margin-left-small:0px;\"><div class=\"title-sep-container title-sep-container-left fusion-no-large-visibility fusion-no-medium-visibility fusion-no-small-visibility\"><div class=\"title-sep sep- sep-solid\" style=\"border-color:var(--awb-color3);\"><\/div><\/div><span class=\"awb-title-spacer fusion-no-large-visibility fusion-no-medium-visibility fusion-no-small-visibility\"><\/span><h3 class=\"fusion-title-heading title-heading-left fusion-responsive-typography-calculated\" style=\"margin:0;--fontSize:36;line-height:var(--awb-typography1-line-height);\">Dans quels cas est-il utile de poser une facette dentaire ?<\/h3><span class=\"awb-title-spacer\"><\/span><div class=\"title-sep-container title-sep-container-right\"><div class=\"title-sep sep- sep-solid\" style=\"border-color:var(--awb-color3);\"><\/div><\/div><\/div><div class=\"fusion-text fusion-text-4\"><p>La pose d\u2019une facette dentaire est utile lorsqu\u2019on veut :<\/p>\n<\/div><ul style=\"--awb-size:18px;--awb-line-height:30.6px;--awb-icon-width:30.6px;--awb-icon-height:30.6px;--awb-icon-margin:12.6px;--awb-content-margin:43.2px;\" class=\"fusion-checklist fusion-checklist-1 fusion-checklist-default type-icons\"><li class=\"fusion-li-item\" style=\"\"><span class=\"icon-wrapper circle-no\"><i class=\"fusion-li-icon icon-spa-angle-right-solid\" aria-hidden=\"true\"><\/i><\/span><div class=\"fusion-li-item-content\">Rendre les dents plus blanches;<\/div><\/li><li class=\"fusion-li-item\" style=\"\"><span class=\"icon-wrapper circle-no\"><i class=\"fusion-li-icon icon-spa-angle-right-solid\" aria-hidden=\"true\"><\/i><\/span><div class=\"fusion-li-item-content\">Am\u00e9liorer l\u2019alignement des dents;<\/div><\/li><li class=\"fusion-li-item\" style=\"\"><span class=\"icon-wrapper circle-no\"><i class=\"fusion-li-icon icon-spa-angle-right-solid\" aria-hidden=\"true\"><\/i><\/span><div class=\"fusion-li-item-content\">R\u00e9parer la forme des dents.<\/div><\/li><\/ul><div class=\"fusion-separator fusion-full-width-sep\" style=\"align-self: center;margin-left: auto;margin-right: auto;margin-top:25px;width:100%;\"><\/div><div class=\"fusion-text fusion-text-5\"><p>\u00c0 cause de traitements m\u00e9dicaux ou d\u2019un style de vie qui implique une importante consommation de caf\u00e9 par exemple, les dents ont parfois une couleur ocre. Pour leur donner une teinte plus blanche, l\u2019id\u00e9al est de proc\u00e9der \u00e0 la pose de facettes dentaires, car les traditionnels blanchiments n\u2019apportent pas de probants r\u00e9sultats pour les plus difficiles cas.<\/p>\n<p>Pour modifier de mani\u00e8re efficace la forme des dents qui sont trop courtes, trop petites ou f\u00eal\u00e9es suite \u00e0 un accident de la vie courante, la pose de facettes dentaires est la solution la plus indiqu\u00e9e. Outre le fait qu\u2019elle permet d\u2019harmoniser de mani\u00e8re efficace les diff\u00e9rences entre les dents, cette technique offre aussi la possibilit\u00e9 de remodeler au mieux le sourire du patient.<br \/>\nPour l\u2019am\u00e9lioration de l\u2019alignement des dents, les facettes dentaires permettent au patient de corriger plus ais\u00e9ment les \u00e9carts d\u2019alignement. Cette solution \u00e9tant \u00e0 la fois rapide et efficace, il n\u2019aura plus besoin de recourir \u00e0 un traitement orthodontique.<\/p>\n<\/div><\/div><\/div><div class=\"fusion-layout-column fusion_builder_column fusion-builder-column-3 fusion_builder_column_1_2 1_2 fusion-flex-column fusion-animated\" style=\"--awb-bg-image:url(&#039;https:\/\/www.ident-clinic.be\/wp-content\/uploads\/2023\/02\/facette-dentaire-bruxelles-iDent-clinic-931x1024.jpg&#039;);--awb-bg-position:center center;--awb-bg-size:cover;--awb-width-large:50%;--awb-margin-top-large:0px;--awb-spacing-right-large:0px;--awb-margin-bottom-large:0px;--awb-spacing-left-large:0px;--awb-width-medium:40%;--awb-order-medium:0;--awb-spacing-right-medium:0px;--awb-spacing-left-medium:0px;--awb-width-small:100%;--awb-order-small:0;--awb-spacing-right-small:0px;--awb-spacing-left-small:0px;\" data-animationType=\"fadeInLeft\" data-animationDuration=\"0.6\" data-animationOffset=\"top-into-view\"><div class=\"fusion-column-wrapper fusion-column-has-shadow fusion-flex-justify-content-flex-start fusion-content-layout-column fusion-empty-column-bg-image fusion-column-has-bg-image\" data-bg-url=\"https:\/\/www.ident-clinic.be\/wp-content\/uploads\/2023\/02\/facette-dentaire-bruxelles-iDent-clinic-931x1024.jpg\"><img decoding=\"async\" class=\"fusion-empty-dims-img-placeholder fusion-no-large-visibility fusion-no-medium-visibility\" alt=\"Facette dentaire \u00e0 Bruxelles - iDent Clinic\" aria-label=\"facette-dentaire-bruxelles-iDent-clinic\" src=\"data:image\/svg+xml,%3Csvg%20xmlns%3D%27http%3A%2F%2Fwww.w3.org%2F2000%2Fsvg%27%20width%3D%27931%27%20height%3D%271024%27%20viewBox%3D%270%200%20931%201024%27%3E%3Crect%20width%3D%27931%27%20height%3D%271024%27%20fill-opacity%3D%220%22%2F%3E%3C%2Fsvg%3E\"><\/div><\/div><\/div><\/div><div class=\"fusion-fullwidth fullwidth-box fusion-builder-row-4 fusion-flex-container nonhundred-percent-fullwidth non-hundred-percent-height-scrolling\" style=\"--awb-background-position:left top;--awb-border-sizes-top:0px;--awb-border-sizes-bottom:0px;--awb-border-sizes-left:0px;--awb-border-sizes-right:0px;--awb-border-radius-top-left:0px;--awb-border-radius-top-right:0px;--awb-border-radius-bottom-right:0px;--awb-border-radius-bottom-left:0px;--awb-padding-top:60px;--awb-padding-bottom:60px;--awb-background-color:var(--awb-color7);--awb-flex-wrap:wrap;\" ><div class=\"fusion-builder-row fusion-row fusion-flex-align-items-stretch fusion-flex-content-wrap\" style=\"max-width:1216.8px;margin-left: calc(-4% \/ 2 );margin-right: calc(-4% \/ 2 );\"><div class=\"fusion-layout-column fusion_builder_column fusion-builder-column-4 fusion_builder_column_1_1 1_1 fusion-flex-column\" style=\"--awb-bg-blend:overlay;--awb-bg-size:cover;--awb-width-large:100%;--awb-margin-top-large:20px;--awb-spacing-right-large:1.92%;--awb-margin-bottom-large:10px;--awb-spacing-left-large:1.92%;--awb-width-medium:50%;--awb-spacing-right-medium:3.84%;--awb-spacing-left-medium:3.84%;--awb-width-small:100%;--awb-spacing-right-small:1.92%;--awb-spacing-left-small:1.92%;\"><div class=\"fusion-column-wrapper fusion-flex-justify-content-center fusion-content-layout-column\"><div class=\"fusion-title title fusion-title-3 fusion-title-center fusion-title-text fusion-title-size-three\" style=\"--awb-text-color:var(--awb-color1);--awb-margin-bottom:10px;--awb-margin-top-small:0px;--awb-margin-right-small:0px;--awb-margin-bottom-small:20px;--awb-margin-left-small:0px;--awb-font-size:30px;\"><div class=\"title-sep-container title-sep-container-left\"><div class=\"title-sep sep- sep-solid\" style=\"border-color:var(--awb-color3);\"><\/div><\/div><span class=\"awb-title-spacer\"><\/span><h3 class=\"fusion-title-heading title-heading-center fusion-responsive-typography-calculated\" style=\"margin:0;font-size:1em;--fontSize:30;line-height:1.4;\">La proc\u00e9dure de pose d\u2019une facette dentaire Bruxelles est-elle longue ?<\/h3><span class=\"awb-title-spacer\"><\/span><div class=\"title-sep-container title-sep-container-right\"><div class=\"title-sep sep- sep-solid\" style=\"border-color:var(--awb-color3);\"><\/div><\/div><\/div><\/div><\/div><\/div><\/div><div class=\"fusion-fullwidth fullwidth-box fusion-builder-row-5 fusion-flex-container nonhundred-percent-fullwidth non-hundred-percent-height-scrolling\" style=\"--awb-background-position:left top;--awb-border-sizes-top:0px;--awb-border-sizes-bottom:0px;--awb-border-sizes-left:0px;--awb-border-sizes-right:0px;--awb-border-radius-top-left:0px;--awb-border-radius-top-right:0px;--awb-border-radius-bottom-right:0px;--awb-border-radius-bottom-left:0px;--awb-padding-top:60px;--awb-padding-bottom:60px;--awb-background-color:var(--awb-color1);--awb-flex-wrap:wrap;\" ><div class=\"fusion-builder-row fusion-row fusion-flex-align-items-stretch fusion-flex-content-wrap\" style=\"max-width:1216.8px;margin-left: calc(-4% \/ 2 );margin-right: calc(-4% \/ 2 );\"><div class=\"fusion-layout-column fusion_builder_column fusion-builder-column-5 fusion_builder_column_1_1 1_1 fusion-flex-column\" style=\"--awb-bg-blend:overlay;--awb-bg-size:cover;--awb-width-large:100%;--awb-margin-top-large:20px;--awb-spacing-right-large:1.92%;--awb-margin-bottom-large:10px;--awb-spacing-left-large:1.92%;--awb-width-medium:50%;--awb-spacing-right-medium:3.84%;--awb-spacing-left-medium:3.84%;--awb-width-small:100%;--awb-spacing-right-small:1.92%;--awb-spacing-left-small:1.92%;\"><div class=\"fusion-column-wrapper fusion-flex-justify-content-center fusion-content-layout-column\"><div class=\"fusion-text fusion-text-6\"><p>Lorsque les facettes dentaires doivent \u00eatre pos\u00e9es pour un simple changement de la couleur des dents, deux ou trois \u00e9tapes sont suffisantes pour atteindre le r\u00e9sultat escompt\u00e9. Le changement de la forme, la couverture des dents f\u00eal\u00e9es et l\u2019am\u00e9lioration de l\u2019alignement des dents sont quant \u00e0 elles des proc\u00e9dures plus complexes. Ceci est d\u00fb au fait que ce type de projet requiert une d\u00e9marche esth\u00e9tique plus grande. Le professionnel est donc dans l\u2019obligation de r\u00e9aliser plusieurs essais pour obtenir des r\u00e9sultats satisfaisants.<\/p>\n<p>Par ailleurs, pour avoir l\u2019assurance que les facettes r\u00e9alis\u00e9es sont en parfaite ad\u00e9quation avec les dents, le dentiste r\u00e9alise un masque dentaire. La proc\u00e9dure de pose des facettes demeure toutefois plus rapide et moins lourde que celle de la pose d\u2019un implant ou d\u2019une couronne. Les diff\u00e9rentes \u00e9tapes de la pose des facettes dentaires se pr\u00e9sentent comme suit :<\/p>\n<ul>\n<li>Lors du premier contact avec le dentiste, le patient \u00e9nonce son probl\u00e8me et indique ses attentes. Le dentiste prend ensuite des photos, des rep\u00e8res et des empreintes. Afin de pouvoir effectuer un moulage qui lui servira ult\u00e9rieurement d\u2019essai et de base de travail, ce professionnel exp\u00e9riment\u00e9 r\u00e9alise la radiographie de la bouche du patient.<\/li>\n<\/ul>\n<ul>\n<li>Durant la deuxi\u00e8me rencontre avec le dentiste, le moulage que ce dernier avait pr\u00e9c\u00e9demment r\u00e9alis\u00e9 aura d\u00e9j\u00e0 \u00e9t\u00e9 transform\u00e9 en une goutti\u00e8re. Cette derni\u00e8re est ensuite remplie avec de la r\u00e9sine qui durcit apr\u00e8s quelques minutes. La goutti\u00e8re remplie de r\u00e9sine est par la suite plac\u00e9e dans la bouche du patient, ce qui permet de r\u00e9aliser le masque qui sera par la suite utilis\u00e9 pour les essais successifs. En dehors du fait qu\u2019il est indispensable au travail pr\u00e9paratoire du sp\u00e9cialiste, ce masque est aussi important pour le patient, car il lui permet d\u2019avoir une id\u00e9e pr\u00e9cise sur le r\u00e9sultat futur.<\/li>\n<\/ul>\n<ul>\n<li>En termes de dimensions et de hauteurs, il est parfois n\u00e9cessaire de pr\u00e9parer les dents pour leur permettre de bien accueillir les futures facettes. Cette \u00e9tape s\u2019effectue en quelques minutes et sans aucune douleur.<\/li>\n<\/ul>\n<ul>\n<li>La pose des facettes dentaires s\u2019effectue la plupart du temps sous anesth\u00e9sie locale. La dur\u00e9e de cette pose varie le plus souvent entre une et deux heures, car il importe que cette op\u00e9ration soit r\u00e9alis\u00e9e avec la plus grande pr\u00e9cision. Pour obtenir les r\u00e9sultats les plus pr\u00e9cis, les professionnels exp\u00e9riment\u00e9s et hautement qualifi\u00e9s de cette clinique dentaire utilisent l\u2019empreinte optique lors du processus de pose des facettes. Pour changer de mani\u00e8re radicale une dentition, deux \u00e0 trois rendez-vous avec le dentiste sont par ailleurs suffisants.<\/li>\n<\/ul>\n<div><\/div>\n<\/div><\/div><\/div><\/div><\/div><div class=\"fusion-fullwidth fullwidth-box fusion-builder-row-6 fusion-flex-container nonhundred-percent-fullwidth non-hundred-percent-height-scrolling\" style=\"--awb-background-position:left top;--awb-border-sizes-top:0px;--awb-border-sizes-bottom:0px;--awb-border-sizes-left:0px;--awb-border-sizes-right:0px;--awb-border-radius-top-left:0px;--awb-border-radius-top-right:0px;--awb-border-radius-bottom-right:0px;--awb-border-radius-bottom-left:0px;--awb-padding-top:60px;--awb-padding-bottom:85px;--awb-background-color:var(--awb-color2);--awb-flex-wrap:wrap;\" ><div class=\"fusion-builder-row fusion-row fusion-flex-align-items-stretch fusion-flex-content-wrap\" style=\"max-width:1216.8px;margin-left: calc(-4% \/ 2 );margin-right: calc(-4% \/ 2 );\"><div class=\"fusion-layout-column fusion_builder_column fusion-builder-column-6 fusion_builder_column_1_1 1_1 fusion-flex-column\" style=\"--awb-bg-blend:overlay;--awb-bg-size:cover;--awb-width-large:100%;--awb-margin-top-large:20px;--awb-spacing-right-large:1.92%;--awb-margin-bottom-large:10px;--awb-spacing-left-large:1.92%;--awb-width-medium:50%;--awb-spacing-right-medium:3.84%;--awb-spacing-left-medium:3.84%;--awb-width-small:100%;--awb-spacing-right-small:1.92%;--awb-spacing-left-small:1.92%;\"><div class=\"fusion-column-wrapper fusion-flex-justify-content-center fusion-content-layout-column\"><div class=\"fusion-text fusion-text-7\"><h3>Entretien et durabilit\u00e9 des facettes dentaires :<\/h3>\n<p>Quelques jours apr\u00e8s la pose d\u2019une facette dentaire Bruxelles, les gencives qui sont un peu repouss\u00e9es durant la proc\u00e9dure retrouvent leur emplacement normal autour de la dent, ce qui permet de retrouver un sourire naturel. D\u00e8s ce moment, on peut proc\u00e9der sans changement \u00e0 la r\u00e9alisation des soins quotidiens. M\u00eame si durant les premiers jours l\u2019on peut craindre de d\u00e9placer la facette, il est primordial que le brossage demeure naturel. Il faudra donc :<\/p>\n<ul>\n<li>Avoir recours \u00e0 une brosse \u00e0 dents de bonne qualit\u00e9 ;<\/li>\n<li>Utiliser un jet dentaire et du fil dentaire ;<\/li>\n<li>R\u00e9aliser des d\u00e9tartrages r\u00e9guliers dans un cabinet dentaire.<\/li>\n<\/ul>\n<p>Pour maintenir l\u2019\u00e9clat du sourire, il est indispensable de porter un soin particulier \u00e0 l\u2019hygi\u00e8ne. En fonction de leur qualit\u00e9 de fabrication et du soin que le professionnel a port\u00e9 \u00e0 leur pose, la dur\u00e9e de vie des facettes dentaires varie entre dix et vingt ans. Le premier facteur de long\u00e9vit\u00e9 de ces derni\u00e8res d\u00e9pend bien \u00e9videmment de la qualit\u00e9 de l\u2019entretien quotidien.<\/p>\n<p>Pour am\u00e9liorer de mani\u00e8re positive leur sourire et ainsi avoir beaucoup plus confiance en eux, la pose d\u2019une facette dentaire Bruxelles est la solution id\u00e9ale pour les personnes qui souhaitent corriger les petites imperfections de leurs dents. Outre le fait que la proc\u00e9dure de pose est rapide et n\u2019engendre aucune douleur, elle est aussi peu co\u00fbteuse et permet d\u2019obtenir des r\u00e9sultats saisissants.<\/p>\n<p><strong>Le co\u00fbt d\u2019une facette dentaire est de 1000 euros<\/strong><\/p>\n<\/div><\/div><\/div><\/div><\/div><div class=\"fusion-fullwidth fullwidth-box fusion-builder-row-7 fusion-flex-container nonhundred-percent-fullwidth non-hundred-percent-height-scrolling\" style=\"--awb-background-position:left top;--awb-border-sizes-top:0px;--awb-border-sizes-bottom:0px;--awb-border-sizes-left:0px;--awb-border-sizes-right:0px;--awb-border-radius-top-left:0px;--awb-border-radius-top-right:0px;--awb-border-radius-bottom-right:0px;--awb-border-radius-bottom-left:0px;--awb-padding-top:100px;--awb-padding-bottom:85px;--awb-margin-bottom:0px;--awb-background-color:var(--awb-color7);--awb-flex-wrap:wrap;\" ><div class=\"fusion-builder-row fusion-row fusion-flex-align-items-stretch fusion-flex-content-wrap\" style=\"max-width:1216.8px;margin-left: calc(-4% \/ 2 );margin-right: calc(-4% \/ 2 );\"><div class=\"fusion-layout-column fusion_builder_column fusion-builder-column-7 fusion_builder_column_1_6 1_6 fusion-flex-column\" style=\"--awb-bg-blend:overlay;--awb-bg-size:cover;--awb-width-large:16.6666666667%;--awb-margin-top-large:20px;--awb-spacing-right-large:11.52%;--awb-margin-bottom-large:20px;--awb-spacing-left-large:11.52%;--awb-width-medium:25%;--awb-spacing-right-medium:7.68%;--awb-spacing-left-medium:7.68%;--awb-width-small:100%;--awb-spacing-right-small:1.92%;--awb-spacing-left-small:1.92%;\"><div class=\"fusion-column-wrapper fusion-flex-justify-content-center fusion-content-layout-column\"><div class=\"fusion-counters-box counters-box row fusion-clearfix fusion-columns-1\" style=\"--awb-body-color:var(--awb-color1);--awb-border-color:var(--awb-color5);--awb-color:var(--awb-color1);--awb-title-size:62;--awb-border-color:var(--awb-color5);\"><div class=\"fusion-counter-box fusion-column col-counter-box counter-box-wrapper col-lg-12 col-md-12 col-sm-12\" data-animationOffset=\"top-into-view\"><div class=\"counter-box-container\"><div class=\"content-box-percentage content-box-counter\"><span class=\"display-counter\" data-value=\"94\" data-direction=\"up\" data-decimals=\"0\">0<\/span><span class=\"unit\">%<\/span><\/div><div class=\"counter-box-content\">POSITIVE OPINION<\/div><\/div><\/div><\/div><\/div><\/div><div class=\"fusion-layout-column fusion_builder_column fusion-builder-column-8 fusion_builder_column_3_5 3_5 fusion-flex-column\" style=\"--awb-bg-blend:overlay;--awb-bg-size:cover;--awb-width-large:60%;--awb-margin-top-large:20px;--awb-spacing-right-large:4.26666666667%;--awb-margin-bottom-large:10px;--awb-spacing-left-large:3.2%;--awb-width-medium:50%;--awb-spacing-right-medium:5.12%;--awb-spacing-left-medium:3.84%;--awb-width-small:100%;--awb-spacing-right-small:1.92%;--awb-spacing-left-small:1.92%;\"><div class=\"fusion-column-wrapper fusion-flex-justify-content-center fusion-content-layout-column\"><div class=\"fusion-title title fusion-title-4 fusion-title-text fusion-title-size-two\" style=\"--awb-text-color:var(--awb-color1);--awb-margin-bottom:10px;--awb-margin-top-small:0px;--awb-margin-right-small:0px;--awb-margin-bottom-small:20px;--awb-margin-left-small:0px;--awb-font-size:30px;\"><div class=\"title-sep-container title-sep-container-left fusion-no-large-visibility fusion-no-medium-visibility fusion-no-small-visibility\"><div class=\"title-sep sep- sep-solid\" style=\"border-color:var(--awb-color3);\"><\/div><\/div><span class=\"awb-title-spacer fusion-no-large-visibility fusion-no-medium-visibility fusion-no-small-visibility\"><\/span><h2 class=\"fusion-title-heading title-heading-left fusion-responsive-typography-calculated\" style=\"margin:0;font-size:1em;--fontSize:30;line-height:1.4;\">Take care of your smile. You deserve it.<\/h2><span class=\"awb-title-spacer\"><\/span><div class=\"title-sep-container title-sep-container-right\"><div class=\"title-sep sep- sep-solid\" style=\"border-color:var(--awb-color3);\"><\/div><\/div><\/div><div class=\"fusion-text fusion-text-8\"><p><span style=\"color: var(--awb-color1);\">Our greatest satisfaction will be your positive feedback on the confidence that a beautiful smile can give you.<br \/>\n<\/span><span style=\"color: var(--awb-color1);\">Increasing your confidence and self-esteem is priceless.<\/span><\/p>\n<\/div><\/div><\/div><div class=\"fusion-layout-column fusion_builder_column fusion-builder-column-9 fusion_builder_column_1_5 1_5 fusion-flex-column\" style=\"--awb-bg-blend:overlay;--awb-bg-size:cover;--awb-width-large:20%;--awb-margin-top-large:10px;--awb-spacing-right-large:9.6%;--awb-margin-bottom-large:20px;--awb-spacing-left-large:3.2%;--awb-width-medium:25%;--awb-spacing-right-medium:7.68%;--awb-spacing-left-medium:2.56%;--awb-width-small:100%;--awb-spacing-right-small:1.92%;--awb-spacing-left-small:1.92%;\"><div class=\"fusion-column-wrapper fusion-flex-justify-content-center fusion-content-layout-column\"><div style=\"text-align:center;\"><a class=\"fusion-button button-flat fusion-button-default-size button-default fusion-button-default button-1 fusion-button-default-span fusion-button-default-type\" style=\"--button_font_size:13px;\" target=\"_self\" href=\"https:\/\/www.ident-clinic.be\/en\/contact-us\/\"><span class=\"fusion-button-text awb-button__text awb-button__text--default\">Contact us<\/span><\/a><\/div><\/div><\/div><\/div><\/div>\n<\/p>\n","protected":false},"excerpt":{"rendered":"<p>Con\u00e7ue g\u00e9n\u00e9ralement avec de la c\u00e9ramique ou de la porcelaine, la facette dentaire est une coquille mince que le dentiste pose sur le devant des dents pour corriger les diverses imperfections esth\u00e9tiques. <\/p>\n","protected":false},"author":2,"featured_media":1874,"menu_order":0,"comment_status":"open","ping_status":"closed","template":"","format":"standard","meta":{"footnotes":""},"portfolio_category":[],"portfolio_skills":[],"portfolio_tags":[],"class_list":["post-2108","avada_portfolio","type-avada_portfolio","status-publish","format-standard","has-post-thumbnail","hentry"],"yoast_head":"<!-- This site is optimized with the Yoast SEO plugin v27.2 - https:\/\/yoast.com\/product\/yoast-seo-wordpress\/ -->\n<title>Sp\u00e9cialiste FACETTE DENTAIRE \u00e0 Bruxelles (Belgique)<\/title>\n<meta name=\"description\" content=\"Clinique de FACETTES DENTAIRES \u00e0 Bruxelles sp\u00e9cialis\u00e9e en esth\u00e9tique. Mise en place de facettes en c\u00e9ramique EMAX.\" \/>\n<meta name=\"robots\" content=\"index, follow, max-snippet:-1, max-image-preview:large, max-video-preview:-1\" \/>\n<link rel=\"canonical\" href=\"https:\/\/www.ident-clinic.be\/en\/treatment\/facette-dentaire\/\" \/>\n<meta property=\"og:locale\" content=\"en_GB\" \/>\n<meta property=\"og:type\" content=\"article\" \/>\n<meta property=\"og:title\" content=\"Sp\u00e9cialiste FACETTE DENTAIRE \u00e0 Bruxelles (Belgique)\" \/>\n<meta property=\"og:description\" content=\"Clinique de FACETTES DENTAIRES \u00e0 Bruxelles sp\u00e9cialis\u00e9e en esth\u00e9tique. Mise en place de facettes en c\u00e9ramique EMAX.\" \/>\n<meta property=\"og:url\" content=\"https:\/\/www.ident-clinic.be\/en\/treatment\/facette-dentaire\/\" \/>\n<meta property=\"og:site_name\" content=\"iDent clinic\" \/>\n<meta property=\"article:modified_time\" content=\"2023-03-09T18:53:05+00:00\" \/>\n<meta property=\"og:image\" content=\"https:\/\/www.ident-clinic.be\/wp-content\/uploads\/2023\/02\/facette-dentaire-bruxelles-iDent-clinic.jpg\" \/>\n\t<meta property=\"og:image:width\" content=\"1000\" \/>\n\t<meta property=\"og:image:height\" content=\"1100\" \/>\n\t<meta property=\"og:image:type\" content=\"image\/jpeg\" \/>\n<meta name=\"twitter:card\" content=\"summary_large_image\" \/>\n<meta name=\"twitter:label1\" content=\"Estimated reading time\" \/>\n\t<meta name=\"twitter:data1\" content=\"10 minutes\" \/>\n<script type=\"application\/ld+json\" class=\"yoast-schema-graph\">{\"@context\":\"https:\/\/schema.org\",\"@graph\":[{\"@type\":\"WebPage\",\"@id\":\"https:\/\/www.ident-clinic.be\/en\/treatment\/facette-dentaire\/\",\"url\":\"https:\/\/www.ident-clinic.be\/en\/treatment\/facette-dentaire\/\",\"name\":\"Sp\u00e9cialiste FACETTE DENTAIRE \u00e0 Bruxelles (Belgique)\",\"isPartOf\":{\"@id\":\"https:\/\/www.ident-clinic.be\/en\/#website\"},\"primaryImageOfPage\":{\"@id\":\"https:\/\/www.ident-clinic.be\/en\/treatment\/facette-dentaire\/#primaryimage\"},\"image\":{\"@id\":\"https:\/\/www.ident-clinic.be\/en\/treatment\/facette-dentaire\/#primaryimage\"},\"thumbnailUrl\":\"https:\/\/www.ident-clinic.be\/wp-content\/uploads\/2023\/02\/facette-dentaire-bruxelles-iDent-clinic.jpg\",\"datePublished\":\"2023-02-11T14:19:58+00:00\",\"dateModified\":\"2023-03-09T18:53:05+00:00\",\"description\":\"Clinique de FACETTES DENTAIRES \u00e0 Bruxelles sp\u00e9cialis\u00e9e en esth\u00e9tique. Mise en place de facettes en c\u00e9ramique EMAX.\",\"breadcrumb\":{\"@id\":\"https:\/\/www.ident-clinic.be\/en\/treatment\/facette-dentaire\/#breadcrumb\"},\"inLanguage\":\"en-GB\",\"potentialAction\":[{\"@type\":\"ReadAction\",\"target\":[\"https:\/\/www.ident-clinic.be\/en\/treatment\/facette-dentaire\/\"]}]},{\"@type\":\"ImageObject\",\"inLanguage\":\"en-GB\",\"@id\":\"https:\/\/www.ident-clinic.be\/en\/treatment\/facette-dentaire\/#primaryimage\",\"url\":\"https:\/\/www.ident-clinic.be\/wp-content\/uploads\/2023\/02\/facette-dentaire-bruxelles-iDent-clinic.jpg\",\"contentUrl\":\"https:\/\/www.ident-clinic.be\/wp-content\/uploads\/2023\/02\/facette-dentaire-bruxelles-iDent-clinic.jpg\",\"width\":1000,\"height\":1100,\"caption\":\"Facette dentaire \u00e0 Bruxelles - iDent Clinic\"},{\"@type\":\"BreadcrumbList\",\"@id\":\"https:\/\/www.ident-clinic.be\/en\/treatment\/facette-dentaire\/#breadcrumb\",\"itemListElement\":[{\"@type\":\"ListItem\",\"position\":1,\"name\":\"Accueil\",\"item\":\"https:\/\/www.ident-clinic.be\/en\/\"},{\"@type\":\"ListItem\",\"position\":2,\"name\":\"Portfolio\",\"item\":\"https:\/\/www.ident-clinic.be\/en\/treatment\/\"},{\"@type\":\"ListItem\",\"position\":3,\"name\":\"Facette dentaire\"}]},{\"@type\":\"WebSite\",\"@id\":\"https:\/\/www.ident-clinic.be\/en\/#website\",\"url\":\"https:\/\/www.ident-clinic.be\/en\/\",\"name\":\"iDent clinic\",\"description\":\"Visez l&#039;Excellence\",\"potentialAction\":[{\"@type\":\"SearchAction\",\"target\":{\"@type\":\"EntryPoint\",\"urlTemplate\":\"https:\/\/www.ident-clinic.be\/en\/?s={search_term_string}\"},\"query-input\":{\"@type\":\"PropertyValueSpecification\",\"valueRequired\":true,\"valueName\":\"search_term_string\"}}],\"inLanguage\":\"en-GB\"}]}<\/script>\n<!-- \/ Yoast SEO plugin. -->","yoast_head_json":{"title":"Sp\u00e9cialiste FACETTE DENTAIRE \u00e0 Bruxelles (Belgique)","description":"Clinique de FACETTES DENTAIRES \u00e0 Bruxelles sp\u00e9cialis\u00e9e en esth\u00e9tique. Mise en place de facettes en c\u00e9ramique EMAX.","robots":{"index":"index","follow":"follow","max-snippet":"max-snippet:-1","max-image-preview":"max-image-preview:large","max-video-preview":"max-video-preview:-1"},"canonical":"https:\/\/www.ident-clinic.be\/en\/treatment\/facette-dentaire\/","og_locale":"en_GB","og_type":"article","og_title":"Sp\u00e9cialiste FACETTE DENTAIRE \u00e0 Bruxelles (Belgique)","og_description":"Clinique de FACETTES DENTAIRES \u00e0 Bruxelles sp\u00e9cialis\u00e9e en esth\u00e9tique. Mise en place de facettes en c\u00e9ramique EMAX.","og_url":"https:\/\/www.ident-clinic.be\/en\/treatment\/facette-dentaire\/","og_site_name":"iDent clinic","article_modified_time":"2023-03-09T18:53:05+00:00","og_image":[{"width":1000,"height":1100,"url":"https:\/\/www.ident-clinic.be\/wp-content\/uploads\/2023\/02\/facette-dentaire-bruxelles-iDent-clinic.jpg","type":"image\/jpeg"}],"twitter_card":"summary_large_image","twitter_misc":{"Estimated reading time":"10 minutes"},"schema":{"@context":"https:\/\/schema.org","@graph":[{"@type":"WebPage","@id":"https:\/\/www.ident-clinic.be\/en\/treatment\/facette-dentaire\/","url":"https:\/\/www.ident-clinic.be\/en\/treatment\/facette-dentaire\/","name":"Sp\u00e9cialiste FACETTE DENTAIRE \u00e0 Bruxelles (Belgique)","isPartOf":{"@id":"https:\/\/www.ident-clinic.be\/en\/#website"},"primaryImageOfPage":{"@id":"https:\/\/www.ident-clinic.be\/en\/treatment\/facette-dentaire\/#primaryimage"},"image":{"@id":"https:\/\/www.ident-clinic.be\/en\/treatment\/facette-dentaire\/#primaryimage"},"thumbnailUrl":"https:\/\/www.ident-clinic.be\/wp-content\/uploads\/2023\/02\/facette-dentaire-bruxelles-iDent-clinic.jpg","datePublished":"2023-02-11T14:19:58+00:00","dateModified":"2023-03-09T18:53:05+00:00","description":"Clinique de FACETTES DENTAIRES \u00e0 Bruxelles sp\u00e9cialis\u00e9e en esth\u00e9tique. Mise en place de facettes en c\u00e9ramique EMAX.","breadcrumb":{"@id":"https:\/\/www.ident-clinic.be\/en\/treatment\/facette-dentaire\/#breadcrumb"},"inLanguage":"en-GB","potentialAction":[{"@type":"ReadAction","target":["https:\/\/www.ident-clinic.be\/en\/treatment\/facette-dentaire\/"]}]},{"@type":"ImageObject","inLanguage":"en-GB","@id":"https:\/\/www.ident-clinic.be\/en\/treatment\/facette-dentaire\/#primaryimage","url":"https:\/\/www.ident-clinic.be\/wp-content\/uploads\/2023\/02\/facette-dentaire-bruxelles-iDent-clinic.jpg","contentUrl":"https:\/\/www.ident-clinic.be\/wp-content\/uploads\/2023\/02\/facette-dentaire-bruxelles-iDent-clinic.jpg","width":1000,"height":1100,"caption":"Facette dentaire \u00e0 Bruxelles - iDent Clinic"},{"@type":"BreadcrumbList","@id":"https:\/\/www.ident-clinic.be\/en\/treatment\/facette-dentaire\/#breadcrumb","itemListElement":[{"@type":"ListItem","position":1,"name":"Accueil","item":"https:\/\/www.ident-clinic.be\/en\/"},{"@type":"ListItem","position":2,"name":"Portfolio","item":"https:\/\/www.ident-clinic.be\/en\/treatment\/"},{"@type":"ListItem","position":3,"name":"Facette dentaire"}]},{"@type":"WebSite","@id":"https:\/\/www.ident-clinic.be\/en\/#website","url":"https:\/\/www.ident-clinic.be\/en\/","name":"iDent clinic","description":"Visez l&#039;Excellence","potentialAction":[{"@type":"SearchAction","target":{"@type":"EntryPoint","urlTemplate":"https:\/\/www.ident-clinic.be\/en\/?s={search_term_string}"},"query-input":{"@type":"PropertyValueSpecification","valueRequired":true,"valueName":"search_term_string"}}],"inLanguage":"en-GB"}]}},"_links":{"self":[{"href":"https:\/\/www.ident-clinic.be\/en\/wp-json\/wp\/v2\/avada_portfolio\/2108","targetHints":{"allow":["GET"]}}],"collection":[{"href":"https:\/\/www.ident-clinic.be\/en\/wp-json\/wp\/v2\/avada_portfolio"}],"about":[{"href":"https:\/\/www.ident-clinic.be\/en\/wp-json\/wp\/v2\/types\/avada_portfolio"}],"author":[{"embeddable":true,"href":"https:\/\/www.ident-clinic.be\/en\/wp-json\/wp\/v2\/users\/2"}],"replies":[{"embeddable":true,"href":"https:\/\/www.ident-clinic.be\/en\/wp-json\/wp\/v2\/comments?post=2108"}],"version-history":[{"count":0,"href":"https:\/\/www.ident-clinic.be\/en\/wp-json\/wp\/v2\/avada_portfolio\/2108\/revisions"}],"wp:featuredmedia":[{"embeddable":true,"href":"https:\/\/www.ident-clinic.be\/en\/wp-json\/wp\/v2\/media\/1874"}],"wp:attachment":[{"href":"https:\/\/www.ident-clinic.be\/en\/wp-json\/wp\/v2\/media?parent=2108"}],"wp:term":[{"taxonomy":"portfolio_category","embeddable":true,"href":"https:\/\/www.ident-clinic.be\/en\/wp-json\/wp\/v2\/portfolio_category?post=2108"},{"taxonomy":"portfolio_skills","embeddable":true,"href":"https:\/\/www.ident-clinic.be\/en\/wp-json\/wp\/v2\/portfolio_skills?post=2108"},{"taxonomy":"portfolio_tags","embeddable":true,"href":"https:\/\/www.ident-clinic.be\/en\/wp-json\/wp\/v2\/portfolio_tags?post=2108"}],"curies":[{"name":"wp","href":"https:\/\/api.w.org\/{rel}","templated":true}]}}